{"id":7408,"date":"2020-07-13T18:10:28","date_gmt":"2020-07-13T18:10:28","guid":{"rendered":"https:\/\/laglappen.fi\/?post_type=product&#038;p=7408"},"modified":"2026-09-01T14:00:11","modified_gmt":"2026-09-01T12:00:11","slug":"fast-de-strykbara-byxkanterna-laga-de-trasiga-fickorna","status":"publish","type":"product","link":"https:\/\/laglappen.fi\/sv\/product\/kiinni-silitettavat-housuntasut-korjaa-rikkinaiset-taskut\/","title":{"rendered":"Reparationsfickor att stryka p\u00e5 \u2013 F\u00f6r trasiga byxfickor"},"content":{"rendered":"<p>Det uppst\u00e5r ofta h\u00e5l i byxfickorna n\u00e4r nycklar, mynt och andra f\u00f6rem\u00e5l sliter p\u00e5 tyget. N\u00e4r h\u00e5let har blivit f\u00f6r stort f\u00f6r att kunna sys igen kan den slitna nedre delen av fickan bytas ut mot en ny.<\/p>\n<p>Klipp bort den trasiga delen och skjut in den del som \u00e4r kvar av den gamla fickan in i lappfickan. Stryk sedan fast den nya fickdelen. Man kan ocks\u00e5 sy fast den, antingen ist\u00e4llet f\u00f6r att stryka eller som extra f\u00f6rst\u00e4rkning.<\/p>\n<p>Lappfickorna \u00e4r tillverkade av 100 % %-bomull och kan tv\u00e4ttas i h\u00f6gst 60 \u00b0C. Varje f\u00f6rpackning inneh\u00e5ller tv\u00e5 fickor.<\/p>\n<h4>Storlekar<\/h4>\n<ul>\n<li>Gr\u00e5: 16 \u00d7 13 cm<\/li>\n<li>Vit: 14 \u00d7 17 cm<\/li>\n<\/ul>\n\t<div id=\"accordion-435218011\" class=\"accordion-item\">\n\t\t<a id=\"accordion-435218011-label\" class=\"accordion-title plain\" href=\"#accordion-item-strongn\u00e4in-vaihdat-taskun-rikkoutuneen-alaosan\/strong\" aria-expanded=\"false\" aria-controls=\"accordion-435218011-content\">\n\t\t\t<button class=\"toggle\" aria-label=\"V\u00e4xla\"><i class=\"icon-angle-down\" aria-hidden=\"true\"><\/i><\/button>\n\t\t\t<span><strong>S\u00e5 h\u00e4r byter du ut den trasiga nedre delen av fickan<\/strong><\/span>\n\t\t<\/a>\n\t\t<div id=\"accordion-435218011-content\" class=\"accordion-inner\" aria-labelledby=\"accordion-435218011-label\">\n\t\t\t\n<ol>\n<li>V\u00e4nd byxorna ut och in och stryk ut den trasiga fickan s\u00e5 att den blir sl\u00e4t.<\/li>\n<li>Klipp bort den slitna nedre delen av fickan. Se till att tyget har en j\u00e4mn kant.<\/li>\n<li>Skjut in den del som \u00e4r kvar av den gamla fickan i \u00f6ppningen p\u00e5 reparationsfickan.<\/li>\n<li>Placera fickan j\u00e4mnt och stryk fast den p\u00e5 h\u00f6g temperatur, vilket motsvarar strykj\u00e4rnets trepunktsinst\u00e4llning.<\/li>\n<li>Fickan kan sys fast vid s\u00f6mmen f\u00f6r att \u00f6ka h\u00e5llbarheten.<\/li>\n<\/ol>\n\t\t<\/div>\n\t<\/div>\n\t\n<p><img decoding=\"async\" class=\"alignnone wp-image-599231 size-full\" src=\"https:\/\/laglappen.fi\/wp-content\/uploads\/2020\/07\/byxficka-guide-ny.jpg\" alt=\"Reparationsfickor som kan strykas\" width=\"800\" height=\"1600\" srcset=\"https:\/\/laglappen.fi\/wp-content\/uploads\/2020\/07\/byxficka-guide-ny.jpg 800w, https:\/\/laglappen.fi\/wp-content\/uploads\/2020\/07\/byxficka-guide-ny-600x1200.jpg 600w, https:\/\/laglappen.fi\/wp-content\/uploads\/2020\/07\/byxficka-guide-ny-150x300.jpg 150w, https:\/\/laglappen.fi\/wp-content\/uploads\/2020\/07\/byxficka-guide-ny-512x1024.jpg 512w, https:\/\/laglappen.fi\/wp-content\/uploads\/2020\/07\/byxficka-guide-ny-768x1536.jpg 768w\" sizes=\"(max-width: 800px) 100vw, 800px\" \/><\/p>","protected":false},"excerpt":{"rendered":"<ul>\n<li>Ers\u00e4tter den slitna nedre delen av fickan<\/li>\n<li>F\u00e4sts genom att stryka eller sy fast<\/li>\n<li>2 st, 100 % bomull<\/li>\n<\/ul>","protected":false},"featured_media":599230,"comment_status":"open","ping_status":"closed","template":"","meta":[],"product_brand":[],"product_cat":[128],"product_tag":[990],"class_list":["post-7408","product","type-product","status-publish","has-post-thumbnail","product_cat-muut-korjaustuotteet","product_tag-housut","first","instock","taxable","shipping-taxable","purchasable","product-type-variable"],"yoast_head":"<!-- This site is optimized with the Yoast SEO plugin v28.1 - https:\/\/yoast.com\/product\/yoast-seo-wordpress\/ -->\n<title>Silitett\u00e4v\u00e4t korjaustaskut \u2013 Rikkin\u00e4isiin housuntaskuihin - Laglappen.fi<\/title>\n<meta name=\"description\" content=\"Korvaa housuntaskun kulunut alaosa silitett\u00e4vill\u00e4 korjaustaskuilla. Valmistettu 100 % puuvillasta. Pakkauksessa kaksi taskua.\" \/>\n<meta name=\"robots\" content=\"noindex, follow, max-snippet:-1, max-image-preview:large, max-video-preview:-1\" \/>\n<meta property=\"og:locale\" content=\"sv_SE\" \/>\n<meta property=\"og:type\" content=\"article\" \/>\n<meta property=\"og:title\" content=\"Silitett\u00e4v\u00e4t korjaustaskut \u2013 Rikkin\u00e4isiin housuntaskuihin - Laglappen.fi\" \/>\n<meta property=\"og:description\" content=\"Korvaa housuntaskun kulunut alaosa silitett\u00e4vill\u00e4 korjaustaskuilla. Valmistettu 100 % puuvillasta. Pakkauksessa kaksi taskua.\" \/>\n<meta property=\"og:url\" content=\"https:\/\/laglappen.fi\/sv\/product\/fast-de-strykbara-byxkanterna-laga-de-trasiga-fickorna\/\" \/>\n<meta property=\"og:site_name\" content=\"Laglappen.fi\" \/>\n<meta property=\"article:publisher\" content=\"https:\/\/facebook.com\/laglappen.fi\" \/>\n<meta property=\"article:modified_time\" content=\"2026-09-01T12:00:11+00:00\" \/>\n<meta property=\"og:image\" content=\"https:\/\/laglappen.fi\/wp-content\/uploads\/2020\/07\/byxficka-front.jpg\" \/>\n\t<meta property=\"og:image:width\" content=\"800\" \/>\n\t<meta property=\"og:image:height\" content=\"800\" \/>\n\t<meta property=\"og:image:type\" content=\"image\/jpeg\" \/>\n<meta name=\"twitter:card\" content=\"summary_large_image\" \/>\n<meta name=\"twitter:label1\" content=\"Tillg\u00e4nglig\" \/>\n\t<meta name=\"twitter:data1\" content=\"I lager\" \/>\n<script type=\"application\/ld+json\" class=\"yoast-schema-graph\">{\"@context\":\"https:\\\/\\\/schema.org\",\"@graph\":[{\"@type\":\"WebPage\",\"@id\":\"https:\\\/\\\/laglappen.fi\\\/product\\\/kiinni-silitettavat-housuntasut-korjaa-rikkinaiset-taskut\\\/\",\"url\":\"https:\\\/\\\/laglappen.fi\\\/product\\\/kiinni-silitettavat-housuntasut-korjaa-rikkinaiset-taskut\\\/\",\"name\":\"Silitett\u00e4v\u00e4t korjaustaskut \u2013 Rikkin\u00e4isiin housuntaskuihin - Laglappen.fi\",\"isPartOf\":{\"@id\":\"https:\\\/\\\/laglappen.fi\\\/#website\"},\"primaryImageOfPage\":{\"@id\":\"https:\\\/\\\/laglappen.fi\\\/product\\\/kiinni-silitettavat-housuntasut-korjaa-rikkinaiset-taskut\\\/#primaryimage\"},\"image\":{\"@id\":\"https:\\\/\\\/laglappen.fi\\\/product\\\/kiinni-silitettavat-housuntasut-korjaa-rikkinaiset-taskut\\\/#primaryimage\"},\"thumbnailUrl\":\"https:\\\/\\\/laglappen.fi\\\/wp-content\\\/uploads\\\/2020\\\/07\\\/byxficka-front.jpg\",\"datePublished\":\"2020-07-13T18:10:28+00:00\",\"dateModified\":\"2026-09-01T12:00:11+00:00\",\"description\":\"Korvaa housuntaskun kulunut alaosa silitett\u00e4vill\u00e4 korjaustaskuilla. Valmistettu 100 % puuvillasta. Pakkauksessa kaksi taskua.\",\"breadcrumb\":{\"@id\":\"https:\\\/\\\/laglappen.fi\\\/product\\\/kiinni-silitettavat-housuntasut-korjaa-rikkinaiset-taskut\\\/#breadcrumb\"},\"inLanguage\":\"sv-SE\",\"potentialAction\":[{\"@type\":\"ReadAction\",\"target\":[\"https:\\\/\\\/laglappen.fi\\\/product\\\/kiinni-silitettavat-housuntasut-korjaa-rikkinaiset-taskut\\\/\"]}]},{\"@type\":\"ImageObject\",\"inLanguage\":\"sv-SE\",\"@id\":\"https:\\\/\\\/laglappen.fi\\\/product\\\/kiinni-silitettavat-housuntasut-korjaa-rikkinaiset-taskut\\\/#primaryimage\",\"url\":\"https:\\\/\\\/laglappen.fi\\\/wp-content\\\/uploads\\\/2020\\\/07\\\/byxficka-front.jpg\",\"contentUrl\":\"https:\\\/\\\/laglappen.fi\\\/wp-content\\\/uploads\\\/2020\\\/07\\\/byxficka-front.jpg\",\"width\":800,\"height\":800,\"caption\":\"Silitett\u00e4v\u00e4t korjaustaskut\"},{\"@type\":\"BreadcrumbList\",\"@id\":\"https:\\\/\\\/laglappen.fi\\\/product\\\/kiinni-silitettavat-housuntasut-korjaa-rikkinaiset-taskut\\\/#breadcrumb\",\"itemListElement\":[{\"@type\":\"ListItem\",\"position\":1,\"name\":\"Kauppa\",\"item\":\"https:\\\/\\\/laglappen.fi\\\/kauppa\\\/\"},{\"@type\":\"ListItem\",\"position\":2,\"name\":\"Muut korjaustuotteet\",\"item\":\"https:\\\/\\\/laglappen.fi\\\/category\\\/muut-korjaustuotteet\\\/\"},{\"@type\":\"ListItem\",\"position\":3,\"name\":\"Silitett\u00e4v\u00e4t korjaustaskut \u2013 Rikkin\u00e4isiin housuntaskuihin\"}]},{\"@type\":\"WebSite\",\"@id\":\"https:\\\/\\\/laglappen.fi\\\/#website\",\"url\":\"https:\\\/\\\/laglappen.fi\\\/\",\"name\":\"Laglappen.fi\",\"description\":\"Korjaa vaatteet ja keng\u00e4t taiturin tavoin!\",\"publisher\":{\"@id\":\"https:\\\/\\\/laglappen.fi\\\/#organization\"},\"potentialAction\":[{\"@type\":\"SearchAction\",\"target\":{\"@type\":\"EntryPoint\",\"urlTemplate\":\"https:\\\/\\\/laglappen.fi\\\/?s={search_term_string}\"},\"query-input\":{\"@type\":\"PropertyValueSpecification\",\"valueRequired\":true,\"valueName\":\"search_term_string\"}}],\"inLanguage\":\"sv-SE\"},{\"@type\":\"Organization\",\"@id\":\"https:\\\/\\\/laglappen.fi\\\/#organization\",\"name\":\"Laglappen.fi\",\"url\":\"https:\\\/\\\/laglappen.fi\\\/\",\"logo\":{\"@type\":\"ImageObject\",\"inLanguage\":\"sv-SE\",\"@id\":\"https:\\\/\\\/laglappen.fi\\\/#\\\/schema\\\/logo\\\/image\\\/\",\"url\":\"https:\\\/\\\/laglappen.fi\\\/wp-content\\\/uploads\\\/2024\\\/04\\\/Laglappen_Logotyp_Secondary_Denim_800.png\",\"contentUrl\":\"https:\\\/\\\/laglappen.fi\\\/wp-content\\\/uploads\\\/2024\\\/04\\\/Laglappen_Logotyp_Secondary_Denim_800.png\",\"width\":800,\"height\":230,\"caption\":\"Laglappen.fi\"},\"image\":{\"@id\":\"https:\\\/\\\/laglappen.fi\\\/#\\\/schema\\\/logo\\\/image\\\/\"},\"sameAs\":[\"https:\\\/\\\/facebook.com\\\/laglappen.fi\",\"https:\\\/\\\/instagram.com\\\/laglappen.fi\",\"https:\\\/\\\/www.youtube.com\\\/channel\\\/UCcveFo211OalYOzkHbHdDRQ\"],\"hasMerchantReturnPolicy\":{\"@type\":\"MerchantReturnPolicy\",\"merchantReturnLink\":\"https:\\\/\\\/laglappen.fi\\\/sv\\\/page\\\/ostoehdot\\\/\"}}]}<\/script>\n<meta property=\"og:availability\" content=\"instock\" \/>\n<meta property=\"product:availability\" content=\"instock\" \/>\n<meta property=\"product:retailer_item_id\" content=\"7408\" \/>\n<meta property=\"product:condition\" content=\"new\" \/>\n<!-- \/ Yoast SEO plugin. -->","yoast_head_json":{"title":"Strykbara lappar \u2013 F\u00f6r trasiga byxfickor \u2013 Laglappen.fi","description":"Ers\u00e4tt den slitna nedre delen av byxfickan med strykbara lappar. Tillverkade av 100 % bomull. F\u00f6rpackningen inneh\u00e5ller tv\u00e5 lappar.","robots":{"index":"noindex","follow":"follow","max-snippet":"max-snippet:-1","max-image-preview":"max-image-preview:large","max-video-preview":"max-video-preview:-1"},"og_locale":"sv_SE","og_type":"article","og_title":"Silitett\u00e4v\u00e4t korjaustaskut \u2013 Rikkin\u00e4isiin housuntaskuihin - Laglappen.fi","og_description":"Korvaa housuntaskun kulunut alaosa silitett\u00e4vill\u00e4 korjaustaskuilla. Valmistettu 100 % puuvillasta. Pakkauksessa kaksi taskua.","og_url":"https:\/\/laglappen.fi\/sv\/product\/fast-de-strykbara-byxkanterna-laga-de-trasiga-fickorna\/","og_site_name":"Laglappen.fi","article_publisher":"https:\/\/facebook.com\/laglappen.fi","article_modified_time":"2026-09-01T12:00:11+00:00","og_image":[{"width":800,"height":800,"url":"https:\/\/laglappen.fi\/wp-content\/uploads\/2020\/07\/byxficka-front.jpg","type":"image\/jpeg"}],"twitter_card":"summary_large_image","twitter_misc":{"Tillg\u00e4nglig":"I lager"},"schema":{"@context":"https:\/\/schema.org","@graph":[{"@type":"WebPage","@id":"https:\/\/laglappen.fi\/product\/kiinni-silitettavat-housuntasut-korjaa-rikkinaiset-taskut\/","url":"https:\/\/laglappen.fi\/product\/kiinni-silitettavat-housuntasut-korjaa-rikkinaiset-taskut\/","name":"Strykbara lappar \u2013 F\u00f6r trasiga byxfickor \u2013 Laglappen.fi","isPartOf":{"@id":"https:\/\/laglappen.fi\/#website"},"primaryImageOfPage":{"@id":"https:\/\/laglappen.fi\/product\/kiinni-silitettavat-housuntasut-korjaa-rikkinaiset-taskut\/#primaryimage"},"image":{"@id":"https:\/\/laglappen.fi\/product\/kiinni-silitettavat-housuntasut-korjaa-rikkinaiset-taskut\/#primaryimage"},"thumbnailUrl":"https:\/\/laglappen.fi\/wp-content\/uploads\/2020\/07\/byxficka-front.jpg","datePublished":"2020-07-13T18:10:28+00:00","dateModified":"2026-09-01T12:00:11+00:00","description":"Ers\u00e4tt den slitna nedre delen av byxfickan med strykbara lappar. Tillverkade av 100 % bomull. F\u00f6rpackningen inneh\u00e5ller tv\u00e5 lappar.","breadcrumb":{"@id":"https:\/\/laglappen.fi\/product\/kiinni-silitettavat-housuntasut-korjaa-rikkinaiset-taskut\/#breadcrumb"},"inLanguage":"sv-SE","potentialAction":[{"@type":"ReadAction","target":["https:\/\/laglappen.fi\/product\/kiinni-silitettavat-housuntasut-korjaa-rikkinaiset-taskut\/"]}]},{"@type":"ImageObject","inLanguage":"sv-SE","@id":"https:\/\/laglappen.fi\/product\/kiinni-silitettavat-housuntasut-korjaa-rikkinaiset-taskut\/#primaryimage","url":"https:\/\/laglappen.fi\/wp-content\/uploads\/2020\/07\/byxficka-front.jpg","contentUrl":"https:\/\/laglappen.fi\/wp-content\/uploads\/2020\/07\/byxficka-front.jpg","width":800,"height":800,"caption":"Silitett\u00e4v\u00e4t korjaustaskut"},{"@type":"BreadcrumbList","@id":"https:\/\/laglappen.fi\/product\/kiinni-silitettavat-housuntasut-korjaa-rikkinaiset-taskut\/#breadcrumb","itemListElement":[{"@type":"ListItem","position":1,"name":"Kauppa","item":"https:\/\/laglappen.fi\/kauppa\/"},{"@type":"ListItem","position":2,"name":"Muut korjaustuotteet","item":"https:\/\/laglappen.fi\/category\/muut-korjaustuotteet\/"},{"@type":"ListItem","position":3,"name":"Silitett\u00e4v\u00e4t korjaustaskut \u2013 Rikkin\u00e4isiin housuntaskuihin"}]},{"@type":"WebSite","@id":"https:\/\/laglappen.fi\/#website","url":"https:\/\/laglappen.fi\/","name":"Laglappen.fi","description":"Laga kl\u00e4der och skor som en m\u00e4stare!","publisher":{"@id":"https:\/\/laglappen.fi\/#organization"},"potentialAction":[{"@type":"SearchAction","target":{"@type":"EntryPoint","urlTemplate":"https:\/\/laglappen.fi\/?s={search_term_string}"},"query-input":{"@type":"PropertyValueSpecification","valueRequired":true,"valueName":"search_term_string"}}],"inLanguage":"sv-SE"},{"@type":"Organization","@id":"https:\/\/laglappen.fi\/#organization","name":"Laglappen.fi","url":"https:\/\/laglappen.fi\/","logo":{"@type":"ImageObject","inLanguage":"sv-SE","@id":"https:\/\/laglappen.fi\/#\/schema\/logo\/image\/","url":"https:\/\/laglappen.fi\/wp-content\/uploads\/2024\/04\/Laglappen_Logotyp_Secondary_Denim_800.png","contentUrl":"https:\/\/laglappen.fi\/wp-content\/uploads\/2024\/04\/Laglappen_Logotyp_Secondary_Denim_800.png","width":800,"height":230,"caption":"Laglappen.fi"},"image":{"@id":"https:\/\/laglappen.fi\/#\/schema\/logo\/image\/"},"sameAs":["https:\/\/facebook.com\/laglappen.fi","https:\/\/instagram.com\/laglappen.fi","https:\/\/www.youtube.com\/channel\/UCcveFo211OalYOzkHbHdDRQ"],"hasMerchantReturnPolicy":{"@type":"MerchantReturnPolicy","merchantReturnLink":"https:\/\/laglappen.fi\/sv\/page\/ostoehdot\/"}}]},"og_availability":"instock","product_availability":"instock","product_retailer_item_id":"7408","product_condition":"new"},"_links":{"self":[{"href":"https:\/\/laglappen.fi\/sv\/wp-json\/wp\/v2\/product\/7408","targetHints":{"allow":["GET"]}}],"collection":[{"href":"https:\/\/laglappen.fi\/sv\/wp-json\/wp\/v2\/product"}],"about":[{"href":"https:\/\/laglappen.fi\/sv\/wp-json\/wp\/v2\/types\/product"}],"replies":[{"embeddable":true,"href":"https:\/\/laglappen.fi\/sv\/wp-json\/wp\/v2\/comments?post=7408"}],"wp:featuredmedia":[{"embeddable":true,"href":"https:\/\/laglappen.fi\/sv\/wp-json\/wp\/v2\/media\/599230"}],"wp:attachment":[{"href":"https:\/\/laglappen.fi\/sv\/wp-json\/wp\/v2\/media?parent=7408"}],"wp:term":[{"taxonomy":"product_brand","embeddable":true,"href":"https:\/\/laglappen.fi\/sv\/wp-json\/wp\/v2\/product_brand?post=7408"},{"taxonomy":"product_cat","embeddable":true,"href":"https:\/\/laglappen.fi\/sv\/wp-json\/wp\/v2\/product_cat?post=7408"},{"taxonomy":"product_tag","embeddable":true,"href":"https:\/\/laglappen.fi\/sv\/wp-json\/wp\/v2\/product_tag?post=7408"}],"curies":[{"name":"wp","href":"https:\/\/api.w.org\/{rel}","templated":true}]}}