{"id":2496,"date":"2020-03-15T16:39:24","date_gmt":"2020-03-15T16:39:24","guid":{"rendered":"https:\/\/laglappen.fi\/?post_type=product&#038;p=2496"},"modified":"2026-08-31T15:25:51","modified_gmt":"2026-08-31T13:25:51","slug":"stallen-pa-jeans-som-ska-strykas","status":"publish","type":"product","link":"https:\/\/laglappen.fi\/sv\/product\/silitettavat-paikat-farkkuihin\/","title":{"rendered":"St\u00e4llen p\u00e5 jeans som beh\u00f6ver strykas"},"content":{"rendered":"<p>Ett litet h\u00e5l i jeansen blir l\u00e4tt st\u00f6rre om det inte lagas i tid. Med strykbara lappar kan du t\u00e4cka \u00f6ver h\u00e5let eller f\u00f6rst\u00e4rka det slitna st\u00e4llet med ett vanligt strykj\u00e4rn. Denna enkla lagning g\u00f6r att du kan anv\u00e4nda jeansen l\u00e4ngre.<\/p>\n<p>F\u00f6rpackningen inneh\u00e5ller fem lappar i olika jeansnyanser. V\u00e4lj den nyans som b\u00e4st matchar plagget f\u00f6r en diskret lagning, eller en avvikande nyans om du vill att lappen ska synas.<\/p>\n<p>Lapparna \u00e4r tunna men slitstarka. N\u00e4r de stryks p\u00e5 plats k\u00e4nns de n\u00e4stan om\u00e4rkligt tunna mot tyget. En sl\u00e4t och tunn lapp minskar risken f\u00f6r att kanterna fastnar i n\u00e5got och b\u00f6rjar lossna.<\/p>\n<p>Varje bit m\u00e4ter 12,5 \u00d7 9,5 cm och kan enkelt klippas till f\u00f6r att passa formen p\u00e5 ett h\u00e5l eller ett slitet omr\u00e5de.<\/p>\n\t<div id=\"accordion-1942474620\" class=\"accordion-item\">\n\t\t<a id=\"accordion-1942474620-label\" class=\"accordion-title plain\" aria-expanded=\"false\" aria-controls=\"accordion-1942474620-content\">\n\t\t\t<button class=\"toggle\" aria-label=\"V\u00e4xla\"><i class=\"icon-angle-down\" aria-hidden=\"true\"><\/i><\/button>\n\t\t\t<span><strong>Guide: Laga jeans p\u00e5 st\u00e4llen d\u00e4r man kan stryka<\/strong><\/span>\n\t\t<\/a>\n\t\t<div id=\"accordion-1942474620-content\" class=\"accordion-inner\" aria-labelledby=\"accordion-1942474620-label\">\n\t\t\t\n<p>En kort bruksanvisning finns \u00e4ven p\u00e5 baksidan av f\u00f6rpackningen.<\/p>\n<ol>\n<li>Klipp ut biten s\u00e5 att den t\u00e4cker det slitna omr\u00e5det med en liten marginal. Runda av h\u00f6rnen.<\/li>\n<li>Placera den d\u00e4r du vill ha den.<\/li>\n<li>L\u00e4gg ett bakpl\u00e5tspapper p\u00e5 platsen. St\u00e4ll in strykj\u00e4rnet p\u00e5 tre punkter och anv\u00e4nd inte \u00e5nga.<\/li>\n<li>Tryck med strykj\u00e4rnet i 40 sekunder.<\/li>\n<li>V\u00e4nd om m\u00f6jligt plagget ut och in och tryck p\u00e5 den andra sidan genom bakpl\u00e5tspapperet.<\/li>\n<li>L\u00e5t reparationen torka \u00f6ver natten innan du anv\u00e4nder plagget.<\/li>\n<\/ol>\n\t\t<\/div>\n\t<\/div>\n\t\n\t<div id=\"accordion-2719086799\" class=\"accordion-item\">\n\t\t<a id=\"accordion-2719086799-label\" class=\"accordion-title plain\" href=\"#accordion-item-stronghyv\u00e4-tiet\u00e4\u00e4\/strong\" aria-expanded=\"false\" aria-controls=\"accordion-2719086799-content\">\n\t\t\t<button class=\"toggle\" aria-label=\"V\u00e4xla\"><i class=\"icon-angle-down\" aria-hidden=\"true\"><\/i><\/button>\n\t\t\t<span><strong>Bra att veta<\/strong><\/span>\n\t\t<\/a>\n\t\t<div id=\"accordion-2719086799-content\" class=\"accordion-inner\" aria-labelledby=\"accordion-2719086799-label\">\n\t\t\t\n<p>De f\u00e4ster s\u00e4rskilt bra p\u00e5 jeans i 100 procent bomull. P\u00e5 stretchjeans och andra blandtyger kan f\u00e4stningen variera.<\/p>\n<p>Stryk inte lappen \u00f6ver s\u00f6mmen. Om lagningen m\u00e5ste g\u00e5 \u00f6ver s\u00f6mmen rekommenderar vi att du f\u00f6rst\u00e4rker lappen med n\u00e5gra stygn runt kanten.<\/p>\n<p>Plagget kan tv\u00e4ttas i 40 \u00b0C. Anv\u00e4nd inte torktumlare.<\/p>\n\t\t<\/div>\n\t<\/div>\n\t\n\n<div class=\"wp-block-presto-player-reusable-edit\"><!--presto-player:video_id=234--><figure class=\"wp-block-video presto-block-video  presto-provider-youtube\" style=\"--plyr-color-main: var(--presto-player-highlight-color, #1b35a5); --plyr-captions-background: #000000; --presto-player-border-radius: 12px; --presto-player-logo-width: 150px; \">\n\t<presto-player \n\t\tpreset='{&quot;id&quot;:6,&quot;name&quot;:&quot;Youtube v2&quot;,&quot;slug&quot;:&quot;youtube-v2&quot;,&quot;icon&quot;:&quot;&quot;,&quot;skin&quot;:&quot;stacked&quot;,&quot;play-large&quot;:true,&quot;rewind&quot;:false,&quot;play&quot;:true,&quot;fast-forward&quot;:false,&quot;progress&quot;:true,&quot;current-time&quot;:true,&quot;mute&quot;:true,&quot;volume&quot;:true,&quot;speed&quot;:false,&quot;pip&quot;:false,&quot;fullscreen&quot;:true,&quot;captions&quot;:false,&quot;reset_on_end&quot;:false,&quot;auto_hide&quot;:true,&quot;show_time_elapsed&quot;:false,&quot;captions_enabled&quot;:false,&quot;save_player_position&quot;:false,&quot;sticky_scroll&quot;:false,&quot;sticky_scroll_position&quot;:&quot;&quot;,&quot;on_video_end&quot;:&quot;&quot;,&quot;play_video_viewport&quot;:false,&quot;hide_youtube&quot;:true,&quot;lazy_load_youtube&quot;:true,&quot;hide_logo&quot;:false,&quot;border_radius&quot;:12,&quot;caption_style&quot;:&quot;default&quot;,&quot;caption_background&quot;:&quot;#000000&quot;,&quot;is_locked&quot;:false,&quot;cta&quot;:{&quot;enabled&quot;:false,&quot;percentage&quot;:100,&quot;show_rewatch&quot;:true,&quot;show_skip&quot;:true,&quot;headline&quot;:&quot;Want to learn more?&quot;,&quot;bottom_text&quot;:&quot;&quot;,&quot;show_button&quot;:true,&quot;button_text&quot;:&quot;Click Here&quot;,&quot;button_color&quot;:&quot;&quot;,&quot;button_text_color&quot;:&quot;&quot;,&quot;background_opacity&quot;:0,&quot;button_link&quot;:{&quot;id&quot;:&quot;&quot;,&quot;url&quot;:&quot;&quot;,&quot;type&quot;:&quot;&quot;,&quot;opensInNewTab&quot;:true},&quot;button_radius&quot;:0},&quot;watermark&quot;:{&quot;enabled&quot;:false,&quot;text&quot;:&quot;Enter your watermark text.&quot;,&quot;backgroundColor&quot;:&quot;#333&quot;,&quot;color&quot;:&quot;#fff&quot;,&quot;opacity&quot;:80,&quot;position&quot;:&quot;top-right&quot;},&quot;search&quot;:{&quot;enabled&quot;:false,&quot;minMatchCharLength&quot;:1,&quot;threshold&quot;:0.3,&quot;placeholder&quot;:&quot;Search&quot;},&quot;email_collection&quot;:{&quot;enabled&quot;:false,&quot;behavior&quot;:&quot;pause&quot;,&quot;percentage&quot;:0,&quot;allow_skip&quot;:false,&quot;provider&quot;:&quot;&quot;,&quot;provider_list&quot;:&quot;&quot;,&quot;provider_tag&quot;:&quot;&quot;,&quot;border_radius&quot;:0,&quot;headline&quot;:&quot;&quot;,&quot;bottom_text&quot;:&quot;&quot;,&quot;button_text&quot;:&quot;&quot;,&quot;button_color&quot;:null,&quot;button_text_color&quot;:null},&quot;action_bar&quot;:{&quot;enabled&quot;:false,&quot;percentage_start&quot;:0,&quot;text&quot;:&quot;Like this?&quot;,&quot;background_color&quot;:&quot;&quot;,&quot;button_type&quot;:&quot;custom&quot;,&quot;button_count&quot;:false,&quot;button_text&quot;:&quot;Click Here&quot;,&quot;button_radius&quot;:0,&quot;button_color&quot;:&quot;&quot;,&quot;button_text_color&quot;:&quot;&quot;,&quot;button_link&quot;:{&quot;id&quot;:&quot;&quot;,&quot;url&quot;:&quot;&quot;,&quot;type&quot;:&quot;&quot;,&quot;opensInNewTab&quot;:false}},&quot;created_by&quot;:1,&quot;created_at&quot;:&quot;2024-04-16 17:55:30&quot;,&quot;updated_at&quot;:&quot;2024-04-16 17:55:30&quot;,&quot;deleted_at&quot;:&quot;&quot;}'\n\t\tbranding='{&quot;logo&quot;:&quot;&quot;,&quot;color&quot;:&quot;#1b35a5&quot;,&quot;logo_width&quot;:150,&quot;player_css&quot;:&quot;&quot;}'\n\t\tchapters='[]'\n\t\toverlays='[]'\n\t\ttracks='[]'\n\t\tblock-attributes='{&quot;playsInline&quot;:true,&quot;id&quot;:234,&quot;src&quot;:&quot;https:\\\/\\\/www.youtube.com\\\/watch?v=PCfYFdFxw1Q&quot;,&quot;preset&quot;:6,&quot;video_id&quot;:&quot;PCfYFdFxw1Q&quot;,&quot;visibility&quot;:&quot;public&quot;,&quot;color&quot;:&quot;#00b3ff&quot;,&quot;mutedPreview&quot;:{&quot;enabled&quot;:false,&quot;captions&quot;:false},&quot;mutedOverlay&quot;:{&quot;enabled&quot;:false,&quot;src&quot;:&quot;&quot;,&quot;width&quot;:200,&quot;focalPoint&quot;:{&quot;x&quot;:0.5,&quot;y&quot;:0.5}},&quot;mutedOverlayType&quot;:&quot;text&quot;,&quot;mutedOverlayText&quot;:&quot;Click to play&quot;,&quot;mutedOverlayImageWidth&quot;:200,&quot;chapters&quot;:[],&quot;overlays&quot;:[],&quot;tracks&quot;:[],&quot;TrpContentRestriction&quot;:{&quot;restriction_type&quot;:&quot;exclude&quot;,&quot;selected_languages&quot;:[],&quot;panel_open&quot;:true},&quot;title&quot;:&quot;Laga jeansen med lappar som stryks fast&quot;}'\n\t\tanalytics=''\n\t\t\t\tprovider='youtube'\n\t\t\t\tid=\"presto-player-1\"\n\t\tsrc=\"\/\/www.youtube.com\/embed\/PCfYFdFxw1Q?iv_load_policy=3&amp;modestbranding=1&amp;playinline=1&amp;showinfo=0&amp;rel=0&amp;enablejsapi=1\"\n\t\tmedia-title=\"Laga jeansen med lappar som stryks fast\"\n\t\tcss=\"\"\n\t\tclass=\"presto-video-id-234 presto-preset-id-6 skin-stacked caption-style-default\"\n\t\tskin=\"stacked\" \n\t\ticon-url=\"https:\/\/laglappen.fi\/wp-content\/plugins\/presto-player\/img\/sprite.svg\" \n\t\tpreload=\"\" \n\t\tposter=\"\"\n\t\tyoutube=\"{&quot;noCookie&quot;:false,&quot;channelId&quot;:&quot;&quot;,&quot;show_count&quot;:false}\"\n\t\tprovider-video-id=\"PCfYFdFxw1Q\"\n\t\tvideo-id=\"234\"\n\t\tlazy-load-youtube\t\tvideo-attributes='{}'\n\t\tplaysinline\t\t\t\t>\n\t\t\n\n\t<\/presto-player>\n<\/figure><\/div>","protected":false},"excerpt":{"rendered":"<ul>\n<li>F\u00f6r snabb reparation av jeans<\/li>\n<li>5 slitstarka m\u00f6bler i olika nyanser<\/li>\n<li>12,5 \u00d7 9,5 cm \u2013 klipp till l\u00e4mplig form<\/li>\n<\/ul>","protected":false},"featured_media":543385,"comment_status":"open","ping_status":"closed","template":"","meta":[],"product_brand":[],"product_cat":[20,21],"product_tag":[990,60,984],"class_list":["post-2496","product","type-product","status-publish","has-post-thumbnail","product_cat-kaikki-korjauspaikat","product_cat-korjauspaikat-farkkuihin","product_tag-housut","product_tag-korjauspaikat-lapsille","product_tag-lasten-vaatteet","first","instock","taxable","shipping-taxable","purchasable","product-type-simple"],"yoast_head":"<!-- This site is optimized with the Yoast SEO plugin v28.1 - https:\/\/yoast.com\/product\/yoast-seo-wordpress\/ -->\n<title>Silitett\u00e4v\u00e4t paikat farkkuihin - Laglappen.fi<\/title>\n<meta name=\"description\" content=\"Korjaa farkkujen rei\u00e4t ja kuluneet kohdat viidell\u00e4 eri s\u00e4vyisell\u00e4 silitett\u00e4v\u00e4ll\u00e4 paikalla. Jokainen paikka on 12,5 \u00d7 9,5 cm ja helppo leikata muotoon.\" \/>\n<meta name=\"robots\" content=\"noindex, follow, max-snippet:-1, max-image-preview:large, max-video-preview:-1\" \/>\n<meta property=\"og:locale\" content=\"sv_SE\" \/>\n<meta property=\"og:type\" content=\"article\" \/>\n<meta property=\"og:title\" content=\"Silitett\u00e4v\u00e4t paikat farkkuihin - Laglappen.fi\" \/>\n<meta property=\"og:description\" content=\"Korjaa farkkujen rei\u00e4t ja kuluneet kohdat viidell\u00e4 eri s\u00e4vyisell\u00e4 silitett\u00e4v\u00e4ll\u00e4 paikalla. Jokainen paikka on 12,5 \u00d7 9,5 cm ja helppo leikata muotoon.\" \/>\n<meta property=\"og:url\" content=\"https:\/\/laglappen.fi\/sv\/product\/stallen-pa-jeans-som-ska-strykas\/\" \/>\n<meta property=\"og:site_name\" content=\"Laglappen.fi\" \/>\n<meta property=\"article:publisher\" content=\"https:\/\/facebook.com\/laglappen.fi\" \/>\n<meta property=\"article:modified_time\" content=\"2026-08-31T13:25:51+00:00\" \/>\n<meta property=\"og:image\" content=\"https:\/\/laglappen.fi\/wp-content\/uploads\/2026\/02\/jeanslappar-my-se-3.jpg\" \/>\n\t<meta property=\"og:image:width\" content=\"800\" \/>\n\t<meta property=\"og:image:height\" content=\"800\" \/>\n\t<meta property=\"og:image:type\" content=\"image\/jpeg\" \/>\n<meta name=\"twitter:card\" content=\"summary_large_image\" \/>\n<meta name=\"twitter:label1\" content=\"Pris\" \/>\n\t<meta name=\"twitter:data1\" content=\"8,90&nbsp;&euro;\" \/>\n\t<meta name=\"twitter:label2\" content=\"Tillg\u00e4nglig\" \/>\n\t<meta name=\"twitter:data2\" content=\"I lager\" \/>\n<script type=\"application\/ld+json\" class=\"yoast-schema-graph\">{\"@context\":\"https:\\\/\\\/schema.org\",\"@graph\":[{\"@type\":\"WebPage\",\"@id\":\"https:\\\/\\\/laglappen.fi\\\/product\\\/silitettavat-paikat-farkkuihin\\\/\",\"url\":\"https:\\\/\\\/laglappen.fi\\\/product\\\/silitettavat-paikat-farkkuihin\\\/\",\"name\":\"Silitett\u00e4v\u00e4t paikat farkkuihin - Laglappen.fi\",\"isPartOf\":{\"@id\":\"https:\\\/\\\/laglappen.fi\\\/#website\"},\"primaryImageOfPage\":{\"@id\":\"https:\\\/\\\/laglappen.fi\\\/product\\\/silitettavat-paikat-farkkuihin\\\/#primaryimage\"},\"image\":{\"@id\":\"https:\\\/\\\/laglappen.fi\\\/product\\\/silitettavat-paikat-farkkuihin\\\/#primaryimage\"},\"thumbnailUrl\":\"https:\\\/\\\/laglappen.fi\\\/wp-content\\\/uploads\\\/2026\\\/02\\\/jeanslappar-my-se-3.jpg\",\"datePublished\":\"2020-03-15T16:39:24+00:00\",\"dateModified\":\"2026-08-31T13:25:51+00:00\",\"description\":\"Korjaa farkkujen rei\u00e4t ja kuluneet kohdat viidell\u00e4 eri s\u00e4vyisell\u00e4 silitett\u00e4v\u00e4ll\u00e4 paikalla. Jokainen paikka on 12,5 \u00d7 9,5 cm ja helppo leikata muotoon.\",\"breadcrumb\":{\"@id\":\"https:\\\/\\\/laglappen.fi\\\/product\\\/silitettavat-paikat-farkkuihin\\\/#breadcrumb\"},\"inLanguage\":\"sv-SE\",\"potentialAction\":[{\"@type\":\"ReadAction\",\"target\":[\"https:\\\/\\\/laglappen.fi\\\/product\\\/silitettavat-paikat-farkkuihin\\\/\"]}]},{\"@type\":\"ImageObject\",\"inLanguage\":\"sv-SE\",\"@id\":\"https:\\\/\\\/laglappen.fi\\\/product\\\/silitettavat-paikat-farkkuihin\\\/#primaryimage\",\"url\":\"https:\\\/\\\/laglappen.fi\\\/wp-content\\\/uploads\\\/2026\\\/02\\\/jeanslappar-my-se-3.jpg\",\"contentUrl\":\"https:\\\/\\\/laglappen.fi\\\/wp-content\\\/uploads\\\/2026\\\/02\\\/jeanslappar-my-se-3.jpg\",\"width\":800,\"height\":800,\"caption\":\"Laglappens p\u00e5strykbara lappar f\u00f6r jeans\"},{\"@type\":\"BreadcrumbList\",\"@id\":\"https:\\\/\\\/laglappen.fi\\\/product\\\/silitettavat-paikat-farkkuihin\\\/#breadcrumb\",\"itemListElement\":[{\"@type\":\"ListItem\",\"position\":1,\"name\":\"Kauppa\",\"item\":\"https:\\\/\\\/laglappen.fi\\\/kauppa\\\/\"},{\"@type\":\"ListItem\",\"position\":2,\"name\":\"Kaikki korjauspaikat\",\"item\":\"https:\\\/\\\/laglappen.fi\\\/category\\\/kaikki-korjauspaikat\\\/\"},{\"@type\":\"ListItem\",\"position\":3,\"name\":\"Korjauspaikat farkkuihin\",\"item\":\"https:\\\/\\\/laglappen.fi\\\/category\\\/kaikki-korjauspaikat\\\/korjauspaikat-farkkuihin\\\/\"},{\"@type\":\"ListItem\",\"position\":4,\"name\":\"Silitett\u00e4v\u00e4t paikat farkkuihin\"}]},{\"@type\":\"WebSite\",\"@id\":\"https:\\\/\\\/laglappen.fi\\\/#website\",\"url\":\"https:\\\/\\\/laglappen.fi\\\/\",\"name\":\"Laglappen.fi\",\"description\":\"Korjaa vaatteet ja keng\u00e4t taiturin tavoin!\",\"publisher\":{\"@id\":\"https:\\\/\\\/laglappen.fi\\\/#organization\"},\"potentialAction\":[{\"@type\":\"SearchAction\",\"target\":{\"@type\":\"EntryPoint\",\"urlTemplate\":\"https:\\\/\\\/laglappen.fi\\\/?s={search_term_string}\"},\"query-input\":{\"@type\":\"PropertyValueSpecification\",\"valueRequired\":true,\"valueName\":\"search_term_string\"}}],\"inLanguage\":\"sv-SE\"},{\"@type\":\"Organization\",\"@id\":\"https:\\\/\\\/laglappen.fi\\\/#organization\",\"name\":\"Laglappen.fi\",\"url\":\"https:\\\/\\\/laglappen.fi\\\/\",\"logo\":{\"@type\":\"ImageObject\",\"inLanguage\":\"sv-SE\",\"@id\":\"https:\\\/\\\/laglappen.fi\\\/#\\\/schema\\\/logo\\\/image\\\/\",\"url\":\"https:\\\/\\\/laglappen.fi\\\/wp-content\\\/uploads\\\/2024\\\/04\\\/Laglappen_Logotyp_Secondary_Denim_800.png\",\"contentUrl\":\"https:\\\/\\\/laglappen.fi\\\/wp-content\\\/uploads\\\/2024\\\/04\\\/Laglappen_Logotyp_Secondary_Denim_800.png\",\"width\":800,\"height\":230,\"caption\":\"Laglappen.fi\"},\"image\":{\"@id\":\"https:\\\/\\\/laglappen.fi\\\/#\\\/schema\\\/logo\\\/image\\\/\"},\"sameAs\":[\"https:\\\/\\\/facebook.com\\\/laglappen.fi\",\"https:\\\/\\\/instagram.com\\\/laglappen.fi\",\"https:\\\/\\\/www.youtube.com\\\/channel\\\/UCcveFo211OalYOzkHbHdDRQ\"],\"hasMerchantReturnPolicy\":{\"@type\":\"MerchantReturnPolicy\",\"merchantReturnLink\":\"https:\\\/\\\/laglappen.fi\\\/sv\\\/page\\\/ostoehdot\\\/\"}}]}<\/script>\n<meta property=\"product:price:amount\" content=\"8.90\" \/>\n<meta property=\"product:price:currency\" content=\"EUR\" \/>\n<meta property=\"og:availability\" content=\"instock\" \/>\n<meta property=\"product:availability\" content=\"instock\" \/>\n<meta property=\"product:retailer_item_id\" content=\"jeanslappar\" \/>\n<meta property=\"product:condition\" content=\"new\" \/>\n<!-- \/ Yoast SEO plugin. -->","yoast_head_json":{"title":"St\u00e4llen att stryka p\u00e5 jeans \u2013 Laglappen.fi","description":"Laga h\u00e5l och slitna st\u00e4llen p\u00e5 dina jeans med fem lappar i olika nyanser som f\u00e4sts genom att stryka p\u00e5 dem. Varje lapp \u00e4r 12,5 \u00d7 9,5 cm och l\u00e4tt att klippa till r\u00e4tt form.","robots":{"index":"noindex","follow":"follow","max-snippet":"max-snippet:-1","max-image-preview":"max-image-preview:large","max-video-preview":"max-video-preview:-1"},"og_locale":"sv_SE","og_type":"article","og_title":"Silitett\u00e4v\u00e4t paikat farkkuihin - Laglappen.fi","og_description":"Korjaa farkkujen rei\u00e4t ja kuluneet kohdat viidell\u00e4 eri s\u00e4vyisell\u00e4 silitett\u00e4v\u00e4ll\u00e4 paikalla. Jokainen paikka on 12,5 \u00d7 9,5 cm ja helppo leikata muotoon.","og_url":"https:\/\/laglappen.fi\/sv\/product\/stallen-pa-jeans-som-ska-strykas\/","og_site_name":"Laglappen.fi","article_publisher":"https:\/\/facebook.com\/laglappen.fi","article_modified_time":"2026-08-31T13:25:51+00:00","og_image":[{"width":800,"height":800,"url":"https:\/\/laglappen.fi\/wp-content\/uploads\/2026\/02\/jeanslappar-my-se-3.jpg","type":"image\/jpeg"}],"twitter_card":"summary_large_image","twitter_misc":{"Pris":"8,90&nbsp;&euro;","Tillg\u00e4nglig":"I lager"},"schema":{"@context":"https:\/\/schema.org","@graph":[{"@type":"WebPage","@id":"https:\/\/laglappen.fi\/product\/silitettavat-paikat-farkkuihin\/","url":"https:\/\/laglappen.fi\/product\/silitettavat-paikat-farkkuihin\/","name":"St\u00e4llen att stryka p\u00e5 jeans \u2013 Laglappen.fi","isPartOf":{"@id":"https:\/\/laglappen.fi\/#website"},"primaryImageOfPage":{"@id":"https:\/\/laglappen.fi\/product\/silitettavat-paikat-farkkuihin\/#primaryimage"},"image":{"@id":"https:\/\/laglappen.fi\/product\/silitettavat-paikat-farkkuihin\/#primaryimage"},"thumbnailUrl":"https:\/\/laglappen.fi\/wp-content\/uploads\/2026\/02\/jeanslappar-my-se-3.jpg","datePublished":"2020-03-15T16:39:24+00:00","dateModified":"2026-08-31T13:25:51+00:00","description":"Laga h\u00e5l och slitna st\u00e4llen p\u00e5 dina jeans med fem lappar i olika nyanser som f\u00e4sts genom att stryka p\u00e5 dem. Varje lapp \u00e4r 12,5 \u00d7 9,5 cm och l\u00e4tt att klippa till r\u00e4tt form.","breadcrumb":{"@id":"https:\/\/laglappen.fi\/product\/silitettavat-paikat-farkkuihin\/#breadcrumb"},"inLanguage":"sv-SE","potentialAction":[{"@type":"ReadAction","target":["https:\/\/laglappen.fi\/product\/silitettavat-paikat-farkkuihin\/"]}]},{"@type":"ImageObject","inLanguage":"sv-SE","@id":"https:\/\/laglappen.fi\/product\/silitettavat-paikat-farkkuihin\/#primaryimage","url":"https:\/\/laglappen.fi\/wp-content\/uploads\/2026\/02\/jeanslappar-my-se-3.jpg","contentUrl":"https:\/\/laglappen.fi\/wp-content\/uploads\/2026\/02\/jeanslappar-my-se-3.jpg","width":800,"height":800,"caption":"Laglappens p\u00e5strykbara lappar f\u00f6r jeans"},{"@type":"BreadcrumbList","@id":"https:\/\/laglappen.fi\/product\/silitettavat-paikat-farkkuihin\/#breadcrumb","itemListElement":[{"@type":"ListItem","position":1,"name":"Kauppa","item":"https:\/\/laglappen.fi\/kauppa\/"},{"@type":"ListItem","position":2,"name":"Kaikki korjauspaikat","item":"https:\/\/laglappen.fi\/category\/kaikki-korjauspaikat\/"},{"@type":"ListItem","position":3,"name":"Korjauspaikat farkkuihin","item":"https:\/\/laglappen.fi\/category\/kaikki-korjauspaikat\/korjauspaikat-farkkuihin\/"},{"@type":"ListItem","position":4,"name":"Silitett\u00e4v\u00e4t paikat farkkuihin"}]},{"@type":"WebSite","@id":"https:\/\/laglappen.fi\/#website","url":"https:\/\/laglappen.fi\/","name":"Laglappen.fi","description":"Laga kl\u00e4der och skor som en m\u00e4stare!","publisher":{"@id":"https:\/\/laglappen.fi\/#organization"},"potentialAction":[{"@type":"SearchAction","target":{"@type":"EntryPoint","urlTemplate":"https:\/\/laglappen.fi\/?s={search_term_string}"},"query-input":{"@type":"PropertyValueSpecification","valueRequired":true,"valueName":"search_term_string"}}],"inLanguage":"sv-SE"},{"@type":"Organization","@id":"https:\/\/laglappen.fi\/#organization","name":"Laglappen.fi","url":"https:\/\/laglappen.fi\/","logo":{"@type":"ImageObject","inLanguage":"sv-SE","@id":"https:\/\/laglappen.fi\/#\/schema\/logo\/image\/","url":"https:\/\/laglappen.fi\/wp-content\/uploads\/2024\/04\/Laglappen_Logotyp_Secondary_Denim_800.png","contentUrl":"https:\/\/laglappen.fi\/wp-content\/uploads\/2024\/04\/Laglappen_Logotyp_Secondary_Denim_800.png","width":800,"height":230,"caption":"Laglappen.fi"},"image":{"@id":"https:\/\/laglappen.fi\/#\/schema\/logo\/image\/"},"sameAs":["https:\/\/facebook.com\/laglappen.fi","https:\/\/instagram.com\/laglappen.fi","https:\/\/www.youtube.com\/channel\/UCcveFo211OalYOzkHbHdDRQ"],"hasMerchantReturnPolicy":{"@type":"MerchantReturnPolicy","merchantReturnLink":"https:\/\/laglappen.fi\/sv\/page\/ostoehdot\/"}}]},"product_price_amount":"8.90","product_price_currency":"EUR","og_availability":"instock","product_availability":"instock","product_retailer_item_id":"jeanslappar","product_condition":"new"},"_links":{"self":[{"href":"https:\/\/laglappen.fi\/sv\/wp-json\/wp\/v2\/product\/2496","targetHints":{"allow":["GET"]}}],"collection":[{"href":"https:\/\/laglappen.fi\/sv\/wp-json\/wp\/v2\/product"}],"about":[{"href":"https:\/\/laglappen.fi\/sv\/wp-json\/wp\/v2\/types\/product"}],"replies":[{"embeddable":true,"href":"https:\/\/laglappen.fi\/sv\/wp-json\/wp\/v2\/comments?post=2496"}],"wp:featuredmedia":[{"embeddable":true,"href":"https:\/\/laglappen.fi\/sv\/wp-json\/wp\/v2\/media\/543385"}],"wp:attachment":[{"href":"https:\/\/laglappen.fi\/sv\/wp-json\/wp\/v2\/media?parent=2496"}],"wp:term":[{"taxonomy":"product_brand","embeddable":true,"href":"https:\/\/laglappen.fi\/sv\/wp-json\/wp\/v2\/product_brand?post=2496"},{"taxonomy":"product_cat","embeddable":true,"href":"https:\/\/laglappen.fi\/sv\/wp-json\/wp\/v2\/product_cat?post=2496"},{"taxonomy":"product_tag","embeddable":true,"href":"https:\/\/laglappen.fi\/sv\/wp-json\/wp\/v2\/product_tag?post=2496"}],"curies":[{"name":"wp","href":"https:\/\/api.w.org\/{rel}","templated":true}]}}